{"id":6537,"date":"2023-08-27T15:29:15","date_gmt":"2023-08-27T15:29:15","guid":{"rendered":"http:\/\/tena.flybcndesign.com\/tratamientos\/psicologia-clinica-adultos\/trastorns-psicotics-i-esquizofrenia\/"},"modified":"2025-10-20T08:45:39","modified_gmt":"2025-10-20T08:45:39","slug":"trastornos-psicoticos-esquizofrenia-esplugues","status":"publish","type":"page","link":"https:\/\/www.gabinetpsicologictena.com\/es\/tratamientos-de-gabinet-psicologic-tena\/psicologia-clinica-adultos-esplugues-llobregat\/trastornos-psicoticos-esquizofrenia-esplugues\/","title":{"rendered":"Trastornos psic\u00f3ticos y esquizofrenia"},"content":{"rendered":"<p>[vc_row][vc_column][vc_column_text][\/vc_column_text][\/vc_column][\/vc_row][vc_row css=\u00bb.vc_custom_1692643309305{margin-top: 30px !important;margin-bottom: 20px !important;}\u00bb][vc_column][vc_row_inner css=\u00bb.vc_custom_1685482175452{margin-top: 30px !important;}\u00bb][vc_column_inner width=\u00bb1\/2&#8243;][vc_single_image image=\u00bb6018&#8243; img_size=\u00bbfull\u00bb][\/vc_column_inner][vc_column_inner width=\u00bb1\/2&#8243;]<h2 class=\"box-header animation-slide\">\u00bfC\u00f3mo tratamos los trastornos psic\u00f3ticos y la esquizofrenia?<\/h2>[vc_column_text]En el <strong data-start=\"395\" data-end=\"422\">Gabinet Psicol\u00f2gic Tena<\/strong>, en <strong data-start=\"427\" data-end=\"453\">Esplugues de Llobregat<\/strong>, ofrecemos un <strong data-start=\"468\" data-end=\"508\">tratamiento integral y especializado<\/strong> para personas que padecen <strong data-start=\"535\" data-end=\"560\">trastornos psic\u00f3ticos<\/strong> o <strong data-start=\"563\" data-end=\"580\">esquizofrenia<\/strong>, con el objetivo de <strong data-start=\"601\" data-end=\"631\">mejorar su calidad de vida<\/strong>, fomentar la <strong data-start=\"645\" data-end=\"670\">estabilidad emocional<\/strong> y recuperar su <strong data-start=\"686\" data-end=\"731\">funcionamiento personal, social y laboral<\/strong>.<br data-start=\"732\" data-end=\"735\" \/>Nuestro equipo de psic\u00f3logos trabaja desde un enfoque <strong data-start=\"789\" data-end=\"827\">humano, cl\u00ednico y multidisciplinar<\/strong>, adaptando cada intervenci\u00f3n a las necesidades espec\u00edficas de cada paciente y su entorno.[\/vc_column_text][\/vc_column_inner][\/vc_row_inner][\/vc_column][\/vc_row][vc_row top_margin=\u00bbpage-margin-top\u00bb][vc_column][vc_row_inner css=\u00bb.vc_custom_1636809500589{margin-bottom: 20px !important;}\u00bb][vc_column_inner]<h2 class=\"box-header animation-slide\">\u00bfQu\u00e9 son los trastornos psic\u00f3ticos?<\/h2>[\/vc_column_inner][\/vc_row_inner][vc_column_text]Los <strong data-start=\"972\" data-end=\"997\">trastornos psic\u00f3ticos<\/strong> son un grupo de <strong data-start=\"1014\" data-end=\"1044\">trastornos mentales graves<\/strong> caracterizados por una <strong data-start=\"1068\" data-end=\"1114\">alteraci\u00f3n en la percepci\u00f3n de la realidad<\/strong>. Las personas que los sufren pueden experimentar <strong data-start=\"1164\" data-end=\"1247\">alucinaciones, delirios, pensamientos desorganizados o comportamientos extra\u00f1os<\/strong>, lo que dificulta su capacidad para distinguir entre lo que es real y lo que no lo es.<\/p>\n<p>[\/vc_column_text]<h3 class=\"box-header animation-slide\">Caracter\u00edsticas comunes<\/h3>[vc_column_text]<\/p>\n<p data-start=\"1369\" data-end=\"1432\">Los principales s\u00edntomas de los trastornos psic\u00f3ticos incluyen:<\/p>\n<ul>\n<li data-start=\"1436\" data-end=\"1520\"><strong data-start=\"1436\" data-end=\"1454\">Alucinaciones:<\/strong> percepciones falsas, como o\u00edr voces o ver cosas que no existen.<\/li>\n<li data-start=\"1523\" data-end=\"1623\"><strong data-start=\"1523\" data-end=\"1536\">Delirios:<\/strong> creencias falsas que la persona mantiene con convicci\u00f3n, aunque no tengan base real.<\/li>\n<li data-start=\"1626\" data-end=\"1730\"><strong data-start=\"1626\" data-end=\"1656\">Pensamiento desorganizado:<\/strong> dificultad para mantener un discurso coherente o seguir un hilo l\u00f3gico.<\/li>\n<li data-start=\"1733\" data-end=\"1819\"><strong data-start=\"1733\" data-end=\"1774\">Comportamiento alterado o catat\u00f3nico:<\/strong> movimientos extra\u00f1os, rigidez o agitaci\u00f3n.<\/li>\n<li data-start=\"1822\" data-end=\"1905\"><strong data-start=\"1822\" data-end=\"1845\">S\u00edntomas negativos:<\/strong> apat\u00eda, falta de expresi\u00f3n emocional o escasa motivaci\u00f3n.<\/li>\n<\/ul>\n<p data-start=\"1907\" data-end=\"2038\">Estas manifestaciones pueden aparecer de forma temporal o prolongada, dependiendo del tipo de trastorno y del tratamiento recibido.<\/p>\n<p>\u00a0[\/vc_column_text][vc_row_inner][vc_column_inner]<h3 class=\"box-header animation-slide\">Tipos de trastornos psic\u00f3ticos<\/h3>[vc_column_text]<\/p>\n<p data-start=\"2080\" data-end=\"2141\">Entre los trastornos psic\u00f3ticos m\u00e1s frecuentes se encuentran:<\/p>\n<ul>\n<li data-start=\"2145\" data-end=\"2164\"><strong data-start=\"2145\" data-end=\"2162\">Esquizofrenia<\/strong><\/li>\n<li data-start=\"2167\" data-end=\"2192\"><strong data-start=\"2167\" data-end=\"2190\">Trastorno delirante<\/strong><\/li>\n<li data-start=\"2195\" data-end=\"2226\"><strong data-start=\"2195\" data-end=\"2224\">Trastorno psic\u00f3tico breve<\/strong><\/li>\n<li data-start=\"2229\" data-end=\"2260\"><strong data-start=\"2229\" data-end=\"2258\">Trastorno esquizoafectivo<\/strong><\/li>\n<li data-start=\"2263\" data-end=\"2299\"><strong data-start=\"2263\" data-end=\"2299\">Psicosis inducida por sustancias<\/strong><\/li>\n<\/ul>\n<p data-start=\"2301\" data-end=\"2471\">Cada uno presenta caracter\u00edsticas espec\u00edficas, pero todos comparten la presencia de <strong data-start=\"2385\" data-end=\"2408\">s\u00edntomas psic\u00f3ticos<\/strong> que afectan el pensamiento, las emociones y el comportamiento.<\/p>\n<p>\u00a0[\/vc_column_text][\/vc_column_inner][\/vc_row_inner][\/vc_column][\/vc_row][vc_row top_margin=\u00bbpage-margin-top\u00bb][vc_column][vc_row_inner css=\u00bb.vc_custom_1636809500589{margin-bottom: 20px !important;}\u00bb][vc_column_inner]<h2 class=\"box-header animation-slide\">\u00bfQu\u00e9 es la esquizofrenia?<\/h2>[\/vc_column_inner][\/vc_row_inner][vc_column_text]<\/p>\n<p data-start=\"2301\" data-end=\"2471\">La <strong data-start=\"2515\" data-end=\"2532\">esquizofrenia<\/strong> es un <strong data-start=\"2539\" data-end=\"2576\">trastorno mental cr\u00f3nico y severo<\/strong> que altera la forma en que una persona <strong data-start=\"2616\" data-end=\"2648\">piensa, siente y se comporta<\/strong>.<br data-start=\"2649\" data-end=\"2652\" \/>Se manifiesta a trav\u00e9s de <strong data-start=\"2678\" data-end=\"2702\">episodios psic\u00f3ticos<\/strong>, donde el contacto con la realidad se ve distorsionado, afectando gravemente la vida cotidiana del paciente.<\/p>\n<p>\u00a0[\/vc_column_text][vc_row_inner][vc_column_inner width=\u00bb1\/2&#8243;]<h3 class=\"box-header animation-slide\">Principales s\u00edntomas<\/h3>[vc_column_text css=\u00bb.vc_custom_1760948208230{margin-bottom: 30px !important;}\u00bb]Las causas exactas de la esquizofrenia a\u00fan no se conocen completamente, pero se cree que intervienen <strong data-start=\"3362\" data-end=\"3410\">factores gen\u00e9ticos, biol\u00f3gicos y ambientales<\/strong>.<br data-start=\"3411\" data-end=\"3414\" \/>El estr\u00e9s, los traumas o el consumo de sustancias pueden actuar como <strong data-start=\"3483\" data-end=\"3502\">desencadenantes<\/strong> en personas predispuestas.[\/vc_column_text][\/vc_column_inner][vc_column_inner width=\u00bb1\/2&#8243;]<h3 class=\"box-header animation-slide\">Causas y factores de riesgo<\/h3>[vc_column_text css=\u00bb.vc_custom_1760948275541{margin-bottom: 30px !important;}\u00bb]Las causas exactas de la esquizofrenia a\u00fan no se conocen completamente, pero se cree que intervienen <strong data-start=\"3362\" data-end=\"3410\">factores gen\u00e9ticos, biol\u00f3gicos y ambientales<\/strong>.<br data-start=\"3411\" data-end=\"3414\" \/>El estr\u00e9s, los traumas o el consumo de sustancias pueden actuar como <strong data-start=\"3483\" data-end=\"3502\">desencadenantes<\/strong> en personas predispuestas.[\/vc_column_text][vc_column_text css=\u00bb.vc_custom_1760948241088{margin-bottom: 30px !important;}\u00bb]La esquizofrenia puede provocar un <strong data-start=\"3609\" data-end=\"3681\">deterioro progresivo en el funcionamiento personal, social y laboral<\/strong>.<br data-start=\"3682\" data-end=\"3685\" \/>El apoyo psicol\u00f3gico y m\u00e9dico adecuado permite mejorar la estabilidad, reducir los s\u00edntomas y favorecer la <strong data-start=\"3792\" data-end=\"3818\">autonom\u00eda del paciente<\/strong>.[\/vc_column_text][\/vc_column_inner][\/vc_row_inner][\/vc_column][\/vc_row][vc_row top_margin=\u00bbpage-margin-top\u00bb][vc_column][vc_row_inner css=\u00bb.vc_custom_1636809500589{margin-bottom: 20px !important;}\u00bb][vc_column_inner]<h2 class=\"box-header animation-slide\">Diagn\u00f3stico y tratamiento psicol\u00f3gico<\/h2>[\/vc_column_inner][\/vc_row_inner][vc_column_text]<\/p>\n<p data-start=\"2301\" data-end=\"2471\">El tratamiento de los trastornos psic\u00f3ticos requiere una intervenci\u00f3n <strong data-start=\"3942\" data-end=\"3973\">temprana y multidisciplinar<\/strong>, que combine la <strong data-start=\"3990\" data-end=\"4015\">atenci\u00f3n psiqui\u00e1trica<\/strong> con la <strong data-start=\"4023\" data-end=\"4046\">terapia psicol\u00f3gica<\/strong> y el <strong data-start=\"4052\" data-end=\"4068\">apoyo social<\/strong>.<\/p>\n<p>\u00a0[\/vc_column_text][vc_row_inner][vc_column_inner width=\u00bb1\/2&#8243;]<h3 class=\"box-header animation-slide\">Evaluaci\u00f3n cl\u00ednica especializada<\/h3>[vc_column_text css=\u00bb.vc_custom_1760948492526{margin-bottom: 30px !important;}\u00bb]En el <strong data-start=\"4119\" data-end=\"4146\">Gabinet Psicol\u00f2gic Tena<\/strong>, realizamos una <strong data-start=\"4163\" data-end=\"4188\">evaluaci\u00f3n exhaustiva<\/strong> para identificar los s\u00edntomas, su intensidad y las causas subyacentes.<br data-start=\"4259\" data-end=\"4262\" \/>Este diagn\u00f3stico preciso es clave para dise\u00f1ar un <strong data-start=\"4312\" data-end=\"4349\">plan de tratamiento personalizado<\/strong>.[\/vc_column_text][\/vc_column_inner][vc_column_inner width=\u00bb1\/2&#8243;]<h3 class=\"box-header animation-slide\">Terapia psicol\u00f3gica y psicoeducaci\u00f3n<\/h3>[vc_column_text css=\u00bb.vc_custom_1760948535765{margin-bottom: 30px !important;}\u00bb]<\/p>\n<p data-start=\"4398\" data-end=\"4466\">La terapia cognitivo-conductual es eficaz para ayudar al paciente a:<\/p>\n<ul>\n<li data-start=\"4470\" data-end=\"4516\">Reconocer y manejar los s\u00edntomas psic\u00f3ticos.<\/li>\n<li data-start=\"4519\" data-end=\"4604\">Desarrollar estrategias para gestionar el estr\u00e9s y los pensamientos distorsionados.<\/li>\n<li data-start=\"4607\" data-end=\"4660\">Mejorar las habilidades sociales y de comunicaci\u00f3n.<\/li>\n<\/ul>\n<p data-start=\"4662\" data-end=\"4817\">Adem\u00e1s, la <strong data-start=\"4673\" data-end=\"4691\">psicoeducaci\u00f3n<\/strong> dirigida tanto al paciente como a su familia mejora la comprensi\u00f3n del trastorno y promueve la <strong data-start=\"4787\" data-end=\"4816\">adherencia al tratamiento<\/strong>.<\/p>\n<p>[\/vc_column_text][vc_column_text css=\u00bb.vc_custom_1760948241088{margin-bottom: 30px !important;}\u00bb]La esquizofrenia puede provocar un <strong data-start=\"3609\" data-end=\"3681\">deterioro progresivo en el funcionamiento personal, social y laboral<\/strong>.<br data-start=\"3682\" data-end=\"3685\" \/>El apoyo psicol\u00f3gico y m\u00e9dico adecuado permite mejorar la estabilidad, reducir los s\u00edntomas y favorecer la <strong data-start=\"3792\" data-end=\"3818\">autonom\u00eda del paciente<\/strong>.[\/vc_column_text][\/vc_column_inner][\/vc_row_inner][\/vc_column][\/vc_row][vc_row top_margin=\u00bbpage-margin-top\u00bb][vc_column][vc_row_inner css=\u00bb.vc_custom_1636809500589{margin-bottom: 20px !important;}\u00bb][vc_column_inner]<h3 class=\"box-header animation-slide\">Apoyo a familias y entorno<\/h3>[\/vc_column_inner][\/vc_row_inner][vc_column_text]<\/p>\n<p data-start=\"2301\" data-end=\"2471\">El acompa\u00f1amiento familiar es esencial para reducir reca\u00eddas y fortalecer la red de apoyo.<br data-start=\"4945\" data-end=\"4948\" \/>En nuestras sesiones, ofrecemos orientaci\u00f3n sobre <strong data-start=\"4998\" data-end=\"5025\">c\u00f3mo actuar ante crisis<\/strong>, c\u00f3mo <strong data-start=\"5032\" data-end=\"5065\">establecer rutinas saludables<\/strong> y c\u00f3mo <strong data-start=\"5073\" data-end=\"5098\">apoyar emocionalmente<\/strong> al paciente.<\/p>\n<p>\u00a0[\/vc_column_text][\/vc_column][\/vc_row][vc_row type=\u00bbfull-width\u00bb top_margin=\u00bbpage-margin-top\u00bb full_width=\u00bbstretch_row_content\u00bb el_position=\u00bblast\u00bb css=\u00bb.vc_custom_1621095351370{background-color: #79b738 !important;}\u00bb][vc_column][vc_row_inner][vc_column_inner]<div class=\"announcement clearfix vertical-align-table\">\n\t\t\t\t\t<ul class=\"vertical-align\">\n\t\t\t\t\t\t<li class=\"vertical-align-cell\"><h2>Descubre c\u00f3mo podemos ayudarte<\/h2><p>Empieza tu terapia hoy mismo<\/p>\n<\/li><li class=\"vertical-align-cell\">\n\t\t\t\t\t\t<a title=\"Pide cita ahora\" href=\"https:\/\/www.gabinetpsicologictena.com\/es\/contacto\/\" class=\"more mc-button light-color medium animated-element animation-slideLeft\">Pide cita ahora<\/a>\n\t\t\t\t\t<\/li><\/ul>\n\t\t\t<\/div>[\/vc_column_inner][\/vc_row_inner][\/vc_column][\/vc_row][vc_row css=\u00bb.vc_custom_1692644335241{margin-top: 50px !important;margin-bottom: 20px !important;}\u00bb][vc_column]<h2 class=\"box-header\">Tipos de trastornos relacionados con la Esquizofrenia<\/h2>[\/vc_column][\/vc_row][vc_row css=\u00bb.vc_custom_1693152491790{margin-bottom: 30px !important;}\u00bb][vc_column width=\u00bb1\/2&#8243;]<h3 class=\"box-header\">Trastorno delirante<\/h3>[vc_column_text css=\u00bb.vc_custom_1760949500671{margin-bottom: 30px !important;}\u00bb]<\/p>\n<p data-start=\"3464\" data-end=\"3816\">El <strong data-start=\"3467\" data-end=\"3490\">trastorno delirante<\/strong> se caracteriza por la presencia de <strong data-start=\"3526\" data-end=\"3551\">delirios persistentes<\/strong> \u2014ideas falsas mantenidas con firmeza\u2014 que duran al menos <strong data-start=\"3609\" data-end=\"3619\">un mes<\/strong>.<br data-start=\"3620\" data-end=\"3623\" \/>Las personas mantienen un <strong data-start=\"3649\" data-end=\"3696\">funcionamiento general relativamente normal<\/strong>, sin presentar otros s\u00edntomas psic\u00f3ticos importantes como alucinaciones destacadas o desorganizaci\u00f3n del pensamiento.<\/p>\n<p data-start=\"3818\" data-end=\"4115\">Los tipos de delirios m\u00e1s comunes incluyen los <strong data-start=\"3865\" data-end=\"3882\">persecutorios<\/strong>, <strong data-start=\"3884\" data-end=\"3899\">celot\u00edpicos<\/strong>, <strong data-start=\"3901\" data-end=\"3916\">de grandeza<\/strong> o <strong data-start=\"3919\" data-end=\"3932\">som\u00e1ticos<\/strong>.<br data-start=\"3933\" data-end=\"3936\" \/>El tratamiento psicol\u00f3gico ayuda a <strong data-start=\"3971\" data-end=\"4026\">comprender el origen de los pensamientos delirantes<\/strong>, <strong data-start=\"4028\" data-end=\"4051\">reducir la ansiedad<\/strong> que provocan y <strong data-start=\"4067\" data-end=\"4099\">mejorar la adaptaci\u00f3n social<\/strong> del paciente.<\/p>\n<p>[\/vc_column_text][\/vc_column][vc_column width=\u00bb1\/2&#8243;]<h3 class=\"box-header\">Trastorno psic\u00f3tico breve<\/h3>[vc_column_text css=\u00bb.vc_custom_1760949477230{margin-bottom: 30px !important;}\u00bb]<\/p>\n<p data-start=\"4157\" data-end=\"4586\">El <strong data-start=\"4160\" data-end=\"4189\">trastorno psic\u00f3tico breve<\/strong> consiste en un <strong data-start=\"4205\" data-end=\"4235\">episodio de corta duraci\u00f3n<\/strong>, generalmente entre <strong data-start=\"4256\" data-end=\"4275\">un d\u00eda y un mes<\/strong>, durante el cual la persona puede experimentar <strong data-start=\"4323\" data-end=\"4378\">delirios, alucinaciones o pensamiento desorganizado<\/strong>.<br data-start=\"4379\" data-end=\"4382\" \/>A menudo, el episodio aparece <strong data-start=\"4412\" data-end=\"4481\">como respuesta a un acontecimiento traum\u00e1tico o un estr\u00e9s intenso<\/strong>, y tras la crisis, la persona <strong data-start=\"4512\" data-end=\"4547\">suele recuperarse completamente<\/strong> y volver a su funcionamiento previo.<\/p>\n<p data-start=\"4588\" data-end=\"4850\">El tratamiento incluye <strong data-start=\"4611\" data-end=\"4642\">apoyo psicol\u00f3gico inmediato<\/strong>, <strong data-start=\"4644\" data-end=\"4665\">manejo del estr\u00e9s<\/strong> y <strong data-start=\"4668\" data-end=\"4691\">seguimiento cl\u00ednico<\/strong> para prevenir nuevos episodios.<br data-start=\"4723\" data-end=\"4726\" \/>Una intervenci\u00f3n temprana permite <strong data-start=\"4760\" data-end=\"4799\">restablecer el equilibrio emocional<\/strong> y recuperar la estabilidad en la vida cotidiana.<\/p>\n<p>[\/vc_column_text][\/vc_column][\/vc_row][vc_row css=\u00bb.vc_custom_1693152491790{margin-bottom: 30px !important;}\u00bb][vc_column width=\u00bb1\/2&#8243;]<h3 class=\"box-header\">Trastorno esquizoafectivo<\/h3>[vc_column_text css=\u00bb.vc_custom_1760949417828{margin-bottom: 30px !important;}\u00bb]<\/p>\n<p data-start=\"4892\" data-end=\"5214\">El <strong data-start=\"4895\" data-end=\"4924\">trastorno esquizoafectivo<\/strong> combina s\u00edntomas propios de la <strong data-start=\"4956\" data-end=\"4973\">esquizofrenia<\/strong> con <strong data-start=\"4978\" data-end=\"5014\">alteraciones del estado de \u00e1nimo<\/strong> (depresivas o man\u00edacas).<br data-start=\"5039\" data-end=\"5042\" \/>Durante el curso de la enfermedad, pueden presentarse <strong data-start=\"5096\" data-end=\"5159\">episodios de s\u00edntomas psic\u00f3ticos sin alteraciones afectivas<\/strong>, lo que lo diferencia de otros trastornos afectivos.<\/p>\n<p data-start=\"5216\" data-end=\"5576\">Las personas que lo padecen pueden experimentar <strong data-start=\"5264\" data-end=\"5305\">fluctuaciones emocionales importantes<\/strong>, acompa\u00f1adas de <strong data-start=\"5322\" data-end=\"5353\">pensamientos distorsionados<\/strong> o <strong data-start=\"5356\" data-end=\"5381\">percepciones irreales<\/strong>.<br data-start=\"5382\" data-end=\"5385\" \/>El tratamiento combina <strong data-start=\"5408\" data-end=\"5450\">psicoterapia y medicaci\u00f3n psiqui\u00e1trica<\/strong>, orientado a <strong data-start=\"5464\" data-end=\"5488\">estabilizar el \u00e1nimo<\/strong>, <strong data-start=\"5490\" data-end=\"5527\">controlar los s\u00edntomas psic\u00f3ticos<\/strong> y <strong data-start=\"5530\" data-end=\"5560\">mejorar la calidad de vida<\/strong> del paciente.<\/p>\n<p>[\/vc_column_text][\/vc_column][vc_column width=\u00bb1\/2&#8243;]<h3 class=\"box-header\">Psicosis inducida por sustancias<\/h3>[vc_column_text css=\u00bb.vc_custom_1760949455637{margin-bottom: 30px !important;}\u00bb]<\/p>\n<p data-start=\"5625\" data-end=\"5930\">La <strong data-start=\"5628\" data-end=\"5664\">psicosis inducida por sustancias<\/strong> aparece como consecuencia del consumo de <strong data-start=\"5706\" data-end=\"5731\">drogas o medicamentos<\/strong> que alteran el funcionamiento del cerebro.<br data-start=\"5774\" data-end=\"5777\" \/>Se caracteriza por la aparici\u00f3n de <strong data-start=\"5812\" data-end=\"5869\">alucinaciones, delirios o pensamientos desorganizados<\/strong> durante el consumo o poco despu\u00e9s de haberlo interrumpido.<\/p>\n<p data-start=\"5932\" data-end=\"6268\">Las sustancias m\u00e1s frecuentemente implicadas son el <strong data-start=\"5984\" data-end=\"6055\">cannabis, la coca\u00edna, las anfetaminas, el alcohol, los alucin\u00f3genos<\/strong> y algunos <strong data-start=\"6066\" data-end=\"6078\">f\u00e1rmacos<\/strong> como los corticoides o los antidepresivos.<br data-start=\"6121\" data-end=\"6124\" \/>Los s\u00edntomas suelen <strong data-start=\"6144\" data-end=\"6182\">desaparecer cuando cesa el consumo<\/strong>, aunque en algunos casos pueden <strong data-start=\"6215\" data-end=\"6228\">persistir<\/strong> y requerir tratamiento especializado.<\/p>\n<p data-start=\"6270\" data-end=\"6641\">El diagn\u00f3stico debe realizarse por un <strong data-start=\"6308\" data-end=\"6342\">profesional de la salud mental<\/strong>, diferenciando la psicosis inducida por sustancias de otros <strong data-start=\"6403\" data-end=\"6438\">trastornos psic\u00f3ticos primarios<\/strong>.<br data-start=\"6439\" data-end=\"6442\" \/>El tratamiento combina <strong data-start=\"6465\" data-end=\"6493\">intervenci\u00f3n psicol\u00f3gica<\/strong>, <strong data-start=\"6495\" data-end=\"6526\">acompa\u00f1amiento psiqui\u00e1trico<\/strong> y <strong data-start=\"6529\" data-end=\"6561\">apoyo para la deshabituaci\u00f3n<\/strong>, con el objetivo de <strong data-start=\"6582\" data-end=\"6640\">prevenir reca\u00eddas y recuperar la estabilidad emocional<\/strong>.<\/p>\n<p>[\/vc_column_text][\/vc_column][\/vc_row][vc_row css=\u00bb.vc_custom_1692644335241{margin-top: 50px !important;margin-bottom: 20px !important;}\u00bb][vc_column]<h2 class=\"box-header\">Recuperaci\u00f3n y acompa\u00f1amiento en Gabinet Psicol\u00f2gic Tena<\/h2>[vc_column_text css=\u00bb.vc_custom_1760949604152{margin-bottom: 30px !important;}\u00bb]<\/p>\n<p data-start=\"3464\" data-end=\"3816\">En <strong data-start=\"6716\" data-end=\"6743\">Gabinet Psicol\u00f2gic Tena<\/strong>, tratamos los <strong data-start=\"6758\" data-end=\"6802\">trastornos psic\u00f3ticos y la esquizofrenia<\/strong> desde un enfoque <strong data-start=\"6820\" data-end=\"6846\">personalizado y humano<\/strong>, basado en la evidencia cient\u00edfica.<br data-start=\"6882\" data-end=\"6885\" \/>Nuestro equipo multidisciplinar acompa\u00f1a tanto al paciente como a su entorno familiar, ofreciendo <strong data-start=\"6983\" data-end=\"7069\">apoyo psicol\u00f3gico, orientaci\u00f3n psiqui\u00e1trica y estrategias para el bienestar diario<\/strong>.<\/p>\n<p>[\/vc_column_text]<h3 class=\"box-header\">Si t\u00fa o alguien cercano presenta s\u00edntomas de psicosis o esquizofrenia, pide ayuda profesional. En Gabinet Psicol\u00f2gic Tena te ayudamos a recuperar la estabilidad emocional y mejorar tu calidad de vida.<\/h3>[vc_empty_space height=\u00bb42px\u00bb][\/vc_column][\/vc_row][vc_row type=\u00bbfull-width\u00bb full_width=\u00bbstretch_row_content\u00bb css=\u00bb.vc_custom_1636612702129{margin-bottom: 0px !important;border-bottom-width: 0px !important;padding-top: 50px !important;padding-bottom: 0px !important;background-color: #79b738 !important;}\u00bb][vc_column][vc_row_inner][vc_column_inner width=\u00bb1\/3&#8243;]<div class=\"info-box features-chat info-box-call-to-action\"><h3>Pide cita ahora<\/h3><p><\/p>\n<h3 style=\"text-align: center;\">\u00a1Podemos ayudarte!<\/h3>\n<p><\/p><\/div>[\/vc_column_inner][vc_column_inner width=\u00bb2\/3&#8243;]\n<div class=\"wpcf7 no-js\" id=\"wpcf7-f4923-o1\" lang=\"ca\" dir=\"ltr\" data-wpcf7-id=\"4923\">\n<div class=\"screen-reader-response\"><p role=\"status\" aria-live=\"polite\" aria-atomic=\"true\"><\/p> <ul><\/ul><\/div>\n<form action=\"\/es\/wp-json\/wp\/v2\/pages\/6537#wpcf7-f4923-o1\" method=\"post\" class=\"wpcf7-form init\" aria-label=\"Formulari de contacte\" novalidate=\"novalidate\" data-status=\"init\">\n<fieldset class=\"hidden-fields-container\"><input type=\"hidden\" name=\"_wpcf7\" value=\"4923\" \/><input type=\"hidden\" name=\"_wpcf7_version\" value=\"6.1.5\" \/><input type=\"hidden\" name=\"_wpcf7_locale\" value=\"ca\" \/><input type=\"hidden\" name=\"_wpcf7_unit_tag\" value=\"wpcf7-f4923-o1\" \/><input type=\"hidden\" name=\"_wpcf7_container_post\" value=\"0\" \/><input type=\"hidden\" name=\"_wpcf7_posted_data_hash\" value=\"\" \/><input type=\"hidden\" name=\"_wpcf7_recaptcha_response\" value=\"\" \/>\n<\/fieldset>\n<div id=\"responsive-form\" class=\"clearfix\">\n\t<h4 class=\"titol-footer-form\"> ESCR\u00cdBENOS\n\t<\/h4>\n\t<div class=\"form-row\">\n\t\t<div class=\"column-half\">\n\t\t\t<p><label> Nombre <\/label><span class=\"wpcf7-form-control-wrap\" data-name=\"your-name\"><input size=\"40\" maxlength=\"400\" class=\"wpcf7-form-control wpcf7-text wpcf7-validates-as-required\" aria-required=\"true\" aria-invalid=\"false\" value=\"\" type=\"text\" name=\"your-name\" \/><\/span>\n\t\t\t<\/p>\n\t\t<\/div>\n\t\t<div class=\"column-half\">\n\t\t\t<p><label> Apellidos <\/label><span class=\"wpcf7-form-control-wrap\" data-name=\"cognoms\"><input size=\"40\" maxlength=\"400\" class=\"wpcf7-form-control wpcf7-text wpcf7-validates-as-required\" aria-required=\"true\" aria-invalid=\"false\" value=\"\" type=\"text\" name=\"cognoms\" \/><\/span>\n\t\t\t<\/p>\n\t\t<\/div>\n\t<\/div>\n\t<div class=\"form-row\">\n\t\t<div class=\"column-half\">\n\t\t\t<p><label> Tel\u00e9fono <\/label><span class=\"wpcf7-form-control-wrap\" data-name=\"telefon\"><input size=\"40\" maxlength=\"400\" class=\"wpcf7-form-control wpcf7-tel wpcf7-validates-as-required wpcf7-text wpcf7-validates-as-tel\" aria-required=\"true\" aria-invalid=\"false\" value=\"\" type=\"tel\" name=\"telefon\" \/><\/span>\n\t\t\t<\/p>\n\t\t<\/div>\n\t\t<div class=\"column-half\">\n\t\t\t<p><label> Email <\/label><span class=\"wpcf7-form-control-wrap\" data-name=\"your-email\"><input size=\"40\" maxlength=\"400\" class=\"wpcf7-form-control wpcf7-email wpcf7-validates-as-required wpcf7-text wpcf7-validates-as-email\" aria-required=\"true\" aria-invalid=\"false\" value=\"\" type=\"email\" name=\"your-email\" \/><\/span>\n\t\t\t<\/p>\n\t\t<\/div>\n\t<\/div>\n\t<div class=\"form-row\">\n\t\t<div class=\"column-full\">\n\t\t\t<p><label> Mensaje <\/label><span class=\"wpcf7-form-control-wrap\" data-name=\"your-message\"><textarea cols=\"40\" rows=\"10\" maxlength=\"2000\" class=\"wpcf7-form-control wpcf7-textarea\" aria-invalid=\"false\" name=\"your-message\"><\/textarea><\/span>\n\t\t\t<\/p>\n\t\t<\/div>\n\t<\/div>\n\t<p><strong>Protecci\u00f3n de datos personales<\/strong><br \/>\nUtilizaremos sus datos para responder consultas y realizar an\u00e1lisis estad\u00edsticos. Para m\u00e1s informaci\u00f3n sobre el tratamiento y sus derechos, consulte la <a href=\"https:\/\/www.gabinetpsicologictena.com\/es\/politica-de-privacidad\/\" target=\"_blank\">pol\u00edtica de privacidad<\/a>.\n\t<\/p>\n\t<p><span class=\"wpcf7-form-control-wrap\" data-name=\"acceptance-953\"><span class=\"wpcf7-form-control wpcf7-acceptance\"><span class=\"wpcf7-list-item\"><input type=\"checkbox\" name=\"acceptance-953\" value=\"1\" aria-invalid=\"false\" \/><\/span><\/span><\/span> He le\u00eddo y acepto el <a href=\"https:\/\/www.gabinetpsicologictena.com\/es\/consentimiento-para-el-tratamiento-de-datos-personales\/\" target=\"_blank\">consentimiento para el tratamiento de datos<\/a><br \/>\n\t<\/p>\n\t<div class=\"form-row\">\n\t\t<div class=\"column-full\">\n\t\t\t<p><input class=\"wpcf7-form-control wpcf7-submit has-spinner\" type=\"submit\" value=\"Env\u00eda\" \/>\n\t\t\t<\/p>\n\t\t<\/div>\n\t<\/div>\n<\/div><input type=\"hidden\" id=\"ct_checkjs_cf7_dc912a253d1e9ba40e2c597ed2376640\" name=\"ct_checkjs_cf7\" value=\"0\" \/><script >setTimeout(function(){var ct_input_name = \"ct_checkjs_cf7_dc912a253d1e9ba40e2c597ed2376640\";if (document.getElementById(ct_input_name) !== null) {var ct_input_value = document.getElementById(ct_input_name).value;document.getElementById(ct_input_name).value = document.getElementById(ct_input_name).value.replace(ct_input_value, '39cf1169db7e3851b99385d0d9556aba1dcebbd940529f4d2f793b7285e1baab');}}, 1000);<\/script><input\n                    class=\"apbct_special_field apbct_email_id__wp_contact_form_7\"\n                    name=\"apbct__email_id__wp_contact_form_7\"\n                    aria-label=\"apbct__label_id__wp_contact_form_7\"\n                    type=\"text\" size=\"30\" maxlength=\"200\" autocomplete=\"off\"\n                    value=\"\"\n                \/><div class=\"wpcf7-response-output\" aria-hidden=\"true\"><\/div>\n<\/form>\n<\/div>\n[\/vc_column_inner][\/vc_row_inner][\/vc_column][\/vc_row]<\/p>\n","protected":false},"excerpt":{"rendered":"<p>[vc_row][vc_column][vc_column_text][\/vc_column_text][\/vc_column][\/vc_row][vc_row css=\u00bb.vc_custom_1692643309305{margin-top: 30px !important;margin-bottom: 20px !important;}\u00bb][vc_column][vc_row_inner css=\u00bb.vc_custom_1685482175452{margin-top: 30px !important;}\u00bb][vc_column_inner width=\u00bb1\/2&#8243;][vc_single_image image=\u00bb6018&#8243; img_size=\u00bbfull\u00bb][\/vc_column_inner][vc_column_inner width=\u00bb1\/2&#8243;][vc_column_text]En el Gabinet Psicol\u00f2gic Tena, en Esplugues de Llobregat, ofrecemos un tratamiento integral y especializado para personas que padecen trastornos psic\u00f3ticos o esquizofrenia, con el objetivo de mejorar su calidad de vida, fomentar la estabilidad emocional y recuperar su funcionamiento personal, social y<\/p>\n","protected":false},"author":4,"featured_media":0,"parent":6497,"menu_order":0,"comment_status":"closed","ping_status":"closed","template":"","meta":{"footnotes":""},"class_list":["post-6537","page","type-page","status-publish","hentry"],"yoast_head":"<!-- This site is optimized with the Yoast SEO plugin v27.4 - https:\/\/yoast.com\/product\/yoast-seo-wordpress\/ -->\n<title>Trastornos psic\u00f3ticos y esquizofrenia en Esplugues<\/title>\n<meta name=\"description\" content=\"Tratamiento de trastornos psic\u00f3ticos y esquizofrenia en Esplugues. Terapia psicol\u00f3gica especializada en esquizofrenia y otros trastorno.\" \/>\n<meta name=\"robots\" content=\"index, follow, max-snippet:-1, max-image-preview:large, max-video-preview:-1\" \/>\n<link rel=\"canonical\" href=\"https:\/\/www.gabinetpsicologictena.com\/es\/tratamientos-de-gabinet-psicologic-tena\/psicologia-clinica-adultos-esplugues-llobregat\/trastornos-psicoticos-esquizofrenia-esplugues\/\" \/>\n<meta property=\"og:locale\" content=\"es_ES\" \/>\n<meta property=\"og:type\" content=\"article\" \/>\n<meta property=\"og:title\" content=\"Trastornos psic\u00f3ticos y esquizofrenia en Esplugues\" \/>\n<meta property=\"og:description\" content=\"Tratamiento de trastornos psic\u00f3ticos y esquizofrenia en Esplugues. Terapia psicol\u00f3gica especializada en esquizofrenia y otros trastorno.\" \/>\n<meta property=\"og:url\" content=\"https:\/\/www.gabinetpsicologictena.com\/es\/tratamientos-de-gabinet-psicologic-tena\/psicologia-clinica-adultos-esplugues-llobregat\/trastornos-psicoticos-esquizofrenia-esplugues\/\" \/>\n<meta property=\"og:site_name\" content=\"Gabinet Psicol\u00f2gic Tena\" \/>\n<meta property=\"article:modified_time\" content=\"2025-10-20T08:45:39+00:00\" \/>\n<meta name=\"twitter:card\" content=\"summary_large_image\" \/>\n<meta name=\"twitter:label1\" content=\"Tiempo de lectura\" \/>\n\t<meta name=\"twitter:data1\" content=\"8 minutos\" \/>\n<script type=\"application\/ld+json\" class=\"yoast-schema-graph\">{\"@context\":\"https:\\\/\\\/schema.org\",\"@graph\":[{\"@type\":\"WebPage\",\"@id\":\"https:\\\/\\\/www.gabinetpsicologictena.com\\\/es\\\/tratamientos-de-gabinet-psicologic-tena\\\/psicologia-clinica-adultos-esplugues-llobregat\\\/trastornos-psicoticos-esquizofrenia-esplugues\\\/\",\"url\":\"https:\\\/\\\/www.gabinetpsicologictena.com\\\/es\\\/tratamientos-de-gabinet-psicologic-tena\\\/psicologia-clinica-adultos-esplugues-llobregat\\\/trastornos-psicoticos-esquizofrenia-esplugues\\\/\",\"name\":\"Trastornos psic\u00f3ticos y esquizofrenia en Esplugues\",\"isPartOf\":{\"@id\":\"https:\\\/\\\/www.gabinetpsicologictena.com\\\/#website\"},\"datePublished\":\"2023-08-27T15:29:15+00:00\",\"dateModified\":\"2025-10-20T08:45:39+00:00\",\"description\":\"Tratamiento de trastornos psic\u00f3ticos y esquizofrenia en Esplugues. Terapia psicol\u00f3gica especializada en esquizofrenia y otros trastorno.\",\"breadcrumb\":{\"@id\":\"https:\\\/\\\/www.gabinetpsicologictena.com\\\/es\\\/tratamientos-de-gabinet-psicologic-tena\\\/psicologia-clinica-adultos-esplugues-llobregat\\\/trastornos-psicoticos-esquizofrenia-esplugues\\\/#breadcrumb\"},\"inLanguage\":\"es\",\"potentialAction\":[{\"@type\":\"ReadAction\",\"target\":[\"https:\\\/\\\/www.gabinetpsicologictena.com\\\/es\\\/tratamientos-de-gabinet-psicologic-tena\\\/psicologia-clinica-adultos-esplugues-llobregat\\\/trastornos-psicoticos-esquizofrenia-esplugues\\\/\"]}]},{\"@type\":\"BreadcrumbList\",\"@id\":\"https:\\\/\\\/www.gabinetpsicologictena.com\\\/es\\\/tratamientos-de-gabinet-psicologic-tena\\\/psicologia-clinica-adultos-esplugues-llobregat\\\/trastornos-psicoticos-esquizofrenia-esplugues\\\/#breadcrumb\",\"itemListElement\":[{\"@type\":\"ListItem\",\"position\":1,\"name\":\"Tratamientos\",\"item\":\"https:\\\/\\\/www.gabinetpsicologictena.com\\\/es\\\/tratamientos-de-gabinet-psicologic-tena\\\/\"},{\"@type\":\"ListItem\",\"position\":2,\"name\":\"Psicolog\u00eda cl\u00ednica adultos\",\"item\":\"https:\\\/\\\/www.gabinetpsicologictena.com\\\/es\\\/tratamientos-de-gabinet-psicologic-tena\\\/psicologia-clinica-adultos-esplugues-llobregat\\\/\"},{\"@type\":\"ListItem\",\"position\":3,\"name\":\"Trastornos psic\u00f3ticos y esquizofrenia\"}]},{\"@type\":\"WebSite\",\"@id\":\"https:\\\/\\\/www.gabinetpsicologictena.com\\\/#website\",\"url\":\"https:\\\/\\\/www.gabinetpsicologictena.com\\\/\",\"name\":\"Gabinet Psicol\u00f2gic Tena\",\"description\":\"Centre Psicol\u00f2gic a Esplugues de Llobregat\",\"publisher\":{\"@id\":\"https:\\\/\\\/www.gabinetpsicologictena.com\\\/#organization\"},\"potentialAction\":[{\"@type\":\"SearchAction\",\"target\":{\"@type\":\"EntryPoint\",\"urlTemplate\":\"https:\\\/\\\/www.gabinetpsicologictena.com\\\/?s={search_term_string}\"},\"query-input\":{\"@type\":\"PropertyValueSpecification\",\"valueRequired\":true,\"valueName\":\"search_term_string\"}}],\"inLanguage\":\"es\"},{\"@type\":\"Organization\",\"@id\":\"https:\\\/\\\/www.gabinetpsicologictena.com\\\/#organization\",\"name\":\"Gabinet Psicol\u00f2gic Tena\",\"url\":\"https:\\\/\\\/www.gabinetpsicologictena.com\\\/\",\"logo\":{\"@type\":\"ImageObject\",\"inLanguage\":\"es\",\"@id\":\"https:\\\/\\\/www.gabinetpsicologictena.com\\\/#\\\/schema\\\/logo\\\/image\\\/\",\"url\":\"https:\\\/\\\/www.gabinetpsicologictena.com\\\/wp-content\\\/uploads\\\/2021\\\/04\\\/logo-gabinet-psicologic-tena-no-ok-rectangular2.png\",\"contentUrl\":\"https:\\\/\\\/www.gabinetpsicologictena.com\\\/wp-content\\\/uploads\\\/2021\\\/04\\\/logo-gabinet-psicologic-tena-no-ok-rectangular2.png\",\"width\":500,\"height\":197,\"caption\":\"Gabinet Psicol\u00f2gic Tena\"},\"image\":{\"@id\":\"https:\\\/\\\/www.gabinetpsicologictena.com\\\/#\\\/schema\\\/logo\\\/image\\\/\"}}]}<\/script>\n<!-- \/ Yoast SEO plugin. -->","yoast_head_json":{"title":"Trastornos psic\u00f3ticos y esquizofrenia en Esplugues","description":"Tratamiento de trastornos psic\u00f3ticos y esquizofrenia en Esplugues. Terapia psicol\u00f3gica especializada en esquizofrenia y otros trastorno.","robots":{"index":"index","follow":"follow","max-snippet":"max-snippet:-1","max-image-preview":"max-image-preview:large","max-video-preview":"max-video-preview:-1"},"canonical":"https:\/\/www.gabinetpsicologictena.com\/es\/tratamientos-de-gabinet-psicologic-tena\/psicologia-clinica-adultos-esplugues-llobregat\/trastornos-psicoticos-esquizofrenia-esplugues\/","og_locale":"es_ES","og_type":"article","og_title":"Trastornos psic\u00f3ticos y esquizofrenia en Esplugues","og_description":"Tratamiento de trastornos psic\u00f3ticos y esquizofrenia en Esplugues. Terapia psicol\u00f3gica especializada en esquizofrenia y otros trastorno.","og_url":"https:\/\/www.gabinetpsicologictena.com\/es\/tratamientos-de-gabinet-psicologic-tena\/psicologia-clinica-adultos-esplugues-llobregat\/trastornos-psicoticos-esquizofrenia-esplugues\/","og_site_name":"Gabinet Psicol\u00f2gic Tena","article_modified_time":"2025-10-20T08:45:39+00:00","twitter_card":"summary_large_image","twitter_misc":{"Tiempo de lectura":"8 minutos"},"schema":{"@context":"https:\/\/schema.org","@graph":[{"@type":"WebPage","@id":"https:\/\/www.gabinetpsicologictena.com\/es\/tratamientos-de-gabinet-psicologic-tena\/psicologia-clinica-adultos-esplugues-llobregat\/trastornos-psicoticos-esquizofrenia-esplugues\/","url":"https:\/\/www.gabinetpsicologictena.com\/es\/tratamientos-de-gabinet-psicologic-tena\/psicologia-clinica-adultos-esplugues-llobregat\/trastornos-psicoticos-esquizofrenia-esplugues\/","name":"Trastornos psic\u00f3ticos y esquizofrenia en Esplugues","isPartOf":{"@id":"https:\/\/www.gabinetpsicologictena.com\/#website"},"datePublished":"2023-08-27T15:29:15+00:00","dateModified":"2025-10-20T08:45:39+00:00","description":"Tratamiento de trastornos psic\u00f3ticos y esquizofrenia en Esplugues. Terapia psicol\u00f3gica especializada en esquizofrenia y otros trastorno.","breadcrumb":{"@id":"https:\/\/www.gabinetpsicologictena.com\/es\/tratamientos-de-gabinet-psicologic-tena\/psicologia-clinica-adultos-esplugues-llobregat\/trastornos-psicoticos-esquizofrenia-esplugues\/#breadcrumb"},"inLanguage":"es","potentialAction":[{"@type":"ReadAction","target":["https:\/\/www.gabinetpsicologictena.com\/es\/tratamientos-de-gabinet-psicologic-tena\/psicologia-clinica-adultos-esplugues-llobregat\/trastornos-psicoticos-esquizofrenia-esplugues\/"]}]},{"@type":"BreadcrumbList","@id":"https:\/\/www.gabinetpsicologictena.com\/es\/tratamientos-de-gabinet-psicologic-tena\/psicologia-clinica-adultos-esplugues-llobregat\/trastornos-psicoticos-esquizofrenia-esplugues\/#breadcrumb","itemListElement":[{"@type":"ListItem","position":1,"name":"Tratamientos","item":"https:\/\/www.gabinetpsicologictena.com\/es\/tratamientos-de-gabinet-psicologic-tena\/"},{"@type":"ListItem","position":2,"name":"Psicolog\u00eda cl\u00ednica adultos","item":"https:\/\/www.gabinetpsicologictena.com\/es\/tratamientos-de-gabinet-psicologic-tena\/psicologia-clinica-adultos-esplugues-llobregat\/"},{"@type":"ListItem","position":3,"name":"Trastornos psic\u00f3ticos y esquizofrenia"}]},{"@type":"WebSite","@id":"https:\/\/www.gabinetpsicologictena.com\/#website","url":"https:\/\/www.gabinetpsicologictena.com\/","name":"Gabinet Psicol\u00f2gic Tena","description":"Centre Psicol\u00f2gic a Esplugues de Llobregat","publisher":{"@id":"https:\/\/www.gabinetpsicologictena.com\/#organization"},"potentialAction":[{"@type":"SearchAction","target":{"@type":"EntryPoint","urlTemplate":"https:\/\/www.gabinetpsicologictena.com\/?s={search_term_string}"},"query-input":{"@type":"PropertyValueSpecification","valueRequired":true,"valueName":"search_term_string"}}],"inLanguage":"es"},{"@type":"Organization","@id":"https:\/\/www.gabinetpsicologictena.com\/#organization","name":"Gabinet Psicol\u00f2gic Tena","url":"https:\/\/www.gabinetpsicologictena.com\/","logo":{"@type":"ImageObject","inLanguage":"es","@id":"https:\/\/www.gabinetpsicologictena.com\/#\/schema\/logo\/image\/","url":"https:\/\/www.gabinetpsicologictena.com\/wp-content\/uploads\/2021\/04\/logo-gabinet-psicologic-tena-no-ok-rectangular2.png","contentUrl":"https:\/\/www.gabinetpsicologictena.com\/wp-content\/uploads\/2021\/04\/logo-gabinet-psicologic-tena-no-ok-rectangular2.png","width":500,"height":197,"caption":"Gabinet Psicol\u00f2gic Tena"},"image":{"@id":"https:\/\/www.gabinetpsicologictena.com\/#\/schema\/logo\/image\/"}}]}},"_links":{"self":[{"href":"https:\/\/www.gabinetpsicologictena.com\/es\/wp-json\/wp\/v2\/pages\/6537","targetHints":{"allow":["GET"]}}],"collection":[{"href":"https:\/\/www.gabinetpsicologictena.com\/es\/wp-json\/wp\/v2\/pages"}],"about":[{"href":"https:\/\/www.gabinetpsicologictena.com\/es\/wp-json\/wp\/v2\/types\/page"}],"author":[{"embeddable":true,"href":"https:\/\/www.gabinetpsicologictena.com\/es\/wp-json\/wp\/v2\/users\/4"}],"replies":[{"embeddable":true,"href":"https:\/\/www.gabinetpsicologictena.com\/es\/wp-json\/wp\/v2\/comments?post=6537"}],"version-history":[{"count":9,"href":"https:\/\/www.gabinetpsicologictena.com\/es\/wp-json\/wp\/v2\/pages\/6537\/revisions"}],"predecessor-version":[{"id":14564,"href":"https:\/\/www.gabinetpsicologictena.com\/es\/wp-json\/wp\/v2\/pages\/6537\/revisions\/14564"}],"up":[{"embeddable":true,"href":"https:\/\/www.gabinetpsicologictena.com\/es\/wp-json\/wp\/v2\/pages\/6497"}],"wp:attachment":[{"href":"https:\/\/www.gabinetpsicologictena.com\/es\/wp-json\/wp\/v2\/media?parent=6537"}],"curies":[{"name":"wp","href":"https:\/\/api.w.org\/{rel}","templated":true}]}}