{"id":11569,"date":"2025-06-20T07:48:38","date_gmt":"2025-06-20T07:48:38","guid":{"rendered":"https:\/\/www.gabinetpsicologictena.com\/?page_id=11569"},"modified":"2025-11-21T12:04:55","modified_gmt":"2025-11-21T12:04:55","slug":"equipo","status":"publish","type":"page","link":"https:\/\/www.gabinetpsicologictena.com\/es\/equipo\/","title":{"rendered":"Equipo"},"content":{"rendered":"<p>[vc_row css=\u00bb.vc_custom_1692640991129{margin-top: 50px !important;margin-bottom: 50px !important;}\u00bb][vc_column width=\u00bb1\/3&#8243;][vc_single_image image=\u00bb6551&#8243; img_size=\u00bbfull\u00bb][vc_column_text]Tel\u00e9fono de contacto: <a href=\"tel:93 797 82 73\">93 797 82 73<\/a> &#8211; <a href=\"tel:618 29 45 81\">618 29 45 81<\/a><\/p>\n<p>Email: <a href=\"mailto:ayuda@gabinetpsicologictena.com\">ayuda@gabinetpsicologictena.com<\/a><\/p>\n<p>LinkedIn: <a target=\"_blank\" href=\"https:\/\/www.linkedin.com\/in\/marta-tena-miranda-05ba2a81\/\" rel=\"noopener\">\/marta-tena-miranda<\/a>[\/vc_column_text]<h3 class=\"sentence template-quote-2\">Me apasiona mi trabajo, y la mejor satisfacci\u00f3n es observar los resultados positivos de los tratamientos, que ayudan a mejorar la vida de las personas.<\/h3>[\/vc_column][vc_column width=\u00bb2\/3&#8243;][vc_column_text css=\u00bb.vc_custom_1750406753732{margin-bottom: 20px !important;}\u00bb]<\/p>\n<h2><b>MARTA TENA<\/b><\/h2>\n<h2>Psic\u00f3loga sanitaria y psicopedagoga, en el \u00e1rea de infantil, juvenil y adultos<\/h2>\n<p><strong><em>Centro Sanitario E08610817<\/em><\/strong><\/p>\n<p><strong><em>N\u00fam. de colegiada 16442<\/em><\/strong><\/p>\n<h3><b>Directora y fundadora del Gabinete Psicol\u00f3gico Tena<\/b><\/h3>\n<p><strong>Hola, soy Marta Tena Miranda, Psic\u00f3loga General Sanitaria y Psicopedagoga<\/strong>, con m\u00e1s de 15 a\u00f1os de experiencia acompa\u00f1ando a personas en sus procesos de cambio, recuperaci\u00f3n y bienestar emocional.<\/p>\n<p>A lo largo de mi trayectoria he trabajado con ni\u00f1os, adolescentes y adultos en contextos muy diversos: <strong>consultas privadas, cl\u00ednicas, mutuas y hospitales<\/strong>. He tenido la oportunidad de acompa\u00f1ar a personas en momentos especialmente delicados de su vida: <strong>trastornos del estado de \u00e1nimo, ansiedad, duelo, trauma, adicciones, crisis vitales o dificultades de aprendizaj<\/strong>e. Tambi\u00e9n he ejercido como psic\u00f3loga oncol\u00f3gica, abordando el dolor emocional y el impacto psicol\u00f3gico de las enfermedades f\u00edsicas.<\/p>\n<p>En consulta, ofrezco un <strong>enfoque cercano<\/strong>, <strong>profesional<\/strong> y totalmente <strong>adaptado a la realidad de cada persona<\/strong>. Mi formaci\u00f3n es integradora, basada en distintos enfoques (cognitivo-conductual, psicoan\u00e1lisis, EMDR, mindfulness, terapia familiar), lo que me permite adaptar las herramientas terap\u00e9uticas a las necesidades de cada caso. Adem\u00e1s, combino la mirada psicol\u00f3gica con la pedag\u00f3gica y social, especialmente \u00fatil en casos que implican a menores, adolescentes o el entorno escolar.<\/p>\n<p>Soy fundadora del<strong> Gabinete Psicol\u00f3gico Tena<\/strong><b>,<\/b> <strong>centro sanitario acreditado por la Generalitat de Catalunya<\/strong>, donde trabajo junto a un equipo comprometido con una atenci\u00f3n psicol\u00f3gica cercana, humana y de calidad. Tambi\u00e9n colaboro con mutuas, centros m\u00e9dicos y entidades sociales.[\/vc_column_text][vc_column_text css=\u00bb.vc_custom_1750406615764{margin-bottom: 20px !important;}\u00bb]<\/p>\n<blockquote>\n<h4><strong style=\"font-size: 16px;\" data-start=\"1743\" data-end=\"1923\"><span style=\"font-weight: normal;\">Si est\u00e1s pasando por un momento dif\u00edcil, o simplemente necesitas orientaci\u00f3n, <u><a href=\"https:\/\/www.gabinetpsicologictena.com\/es\/contacto\/\">estoy aqu\u00ed para escucharte<\/a><\/u> sin juicios y ayudarte a recuperar tu equilibrio y bienestar emocional.<\/span><\/strong><\/h4>\n<\/blockquote>\n<p>[\/vc_column_text][vc_column_text css=\u00bb.vc_custom_1750406159467{margin-bottom: 20px !important;}\u00bb]<\/p>\n<h2><\/h2>\n<h2>Comprometida con la divulgaci\u00f3n de la salud emocional<\/h2>\n<p data-start=\"1743\" data-end=\"1923\">La divulgaci\u00f3n forma parte de mi vocaci\u00f3n. <strong data-start=\"2533\" data-end=\"2637\">Colaboro frecuentemente con medios de comunicaci\u00f3n, congresos m\u00e9dicos y publicaciones especializadas<\/strong> para acercar la psicolog\u00eda a la vida cotidiana:<\/p>\n<p>[\/vc_column_text]<ul class=\"simple-list clearfix\"><li class=\"template-chevron clearfix\">\n\t\t\t<span>Intervenciones en el programa de radio \u00abJusta a la madera\u00bb\u200b de Radio Desvern.<\/span><\/li><br \/>\n<li class=\"template-chevron clearfix\">\n\t\t\t<span>Entrevista profesionales por Especialistas Magazine y art\u00edculos del \u00e1mbito de psicolog\u00eda.<\/span><\/li><br \/>\n<li class=\"template-chevron clearfix\">\n\t\t\t<span>Y publicaciones, reportajes en La Vanguardia o art\u00edculos personales sobre varios temas en psicolog\u00eda.<\/span><\/li><br \/>\n<li class=\"template-chevron clearfix\">\n\t\t\t<span>Intervenci\u00f3n en congresos m\u00e9dicos, entre ellos intervenci\u00f3n psicol\u00f3gica en pacientes que sufren de diabetes y del pie diab\u00e9tico. <\/span><\/li><\/ul>[\/vc_column][\/vc_row][vc_row disable_element=\u00bbyes\u00bb css=\u00bb.vc_custom_1692633786386{margin-bottom: 50px !important;}\u00bb][vc_column][\/vc_column][\/vc_row][vc_row type=\u00bbfull-width\u00bb top_margin=\u00bbpage-margin-top\u00bb full_width=\u00bbstretch_row\u00bb header=\u00bbPrimera visita informativa gratis\u00bb bg_image=\u00bb\u00bb button_label=\u00bbAPROFITA LA TEVA 1a VISITA GRATIS\u00bb button_url=\u00bbhttps:\/\/www.gabinetpsicologictena.com\/contacte\/\u00bb button_size=\u00bblarge\u00bb button_style=\u00bblight-color\u00bb button_icon=\u00bbnone\u00bb button_text_color=\u00bb#ffffff\u00bb button_hover_text_color=\u00bb#ffffff\u00bb button_color=\u00bb#3156a3&#8243; button_custom_color=\u00bb\u00bb button_hover_color=\u00bb#3156a3&#8243; button_hover_custom_color=\u00bb\u00bb animation=\u00bbslideLeft\u00bb animation_duration=\u00bb600&#8243; animation_delay=\u00bb0&#8243; el_position=\u00bbfirst last\u00bb css=\u00bb.vc_custom_1692639969017{background-color: #79b738 !important;}\u00bb el_class=\u00bbannouncement-link\u00bb][vc_column][vc_row_inner][vc_column_inner]<div class=\"announcement clearfix vertical-align-table\">\n\t\t\t\t\t<ul class=\"vertical-align\">\n\t\t\t\t\t\t<li class=\"vertical-align-cell\"><h2>Expl\u00edcanos qu\u00e9 te preocupa<\/h2><p>\u00bfA\u00fan tienes dudas? Consulta las respuestas en las <a href=\"https:\/\/www.gabinetpsicologictena.com\/es\/faqs\/\">preguntas m\u00e1s frecuentes<\/a>.<\/p>\n<\/li><li class=\"vertical-align-cell\">\n\t\t\t\t\t\t<a title=\"Aconsegueix l&#039;ajuda que mereixes\" href=\"https:\/\/www.gabinetpsicologictena.com\/contacte\/\" class=\"more mc-button light-color large animated-element animation-slideLeft\">Aconsegueix l'ajuda que mereixes<\/a>\n\t\t\t\t\t<\/li><\/ul>\n\t\t\t<\/div>[\/vc_column_inner][\/vc_row_inner][\/vc_column][\/vc_row][vc_row css=\u00bb.vc_custom_1700230957068{margin-top: 30px !important;}\u00bb][vc_column]<h2 class=\"box-header\">Conoce al equipo<\/h2>[vc_column_text css=\u00bb.vc_custom_1707176698331{margin-top: 30px !important;}\u00bb]<b>Gabinete Psicol\u00f3gico Tena<\/b>, \u200b\u200bes un centro de psicolog\u00eda multidisciplinario. Con el objetivo principal de ayudar a las personas a mejorar. Acompa\u00f1amos a nuestros pacientes para solucionar sus problemas psicol\u00f3gicos o mentales.<\/p>\n<p>Somos un equipo integrado por psic\u00f3logos, especializados en terapia cognitivo conductual integradora, y psiquiatras. En constante renovaci\u00f3n y formaci\u00f3n, ofrecemos un servicio transversal dirigido a ni\u00f1os, adolescentes, j\u00f3venes, adultos y parejas.<\/p>\n<p>El <b>Gabinete Psicol\u00f3gico Tena<\/b>, nace de la vocaci\u00f3n y la experiencia de Marta Tena, psic\u00f3loga de Adultos, Infantil y Juvenil, acompa\u00f1ada de un equipo de profesionales expertos de la psicolog\u00eda y la psiquiatr\u00eda en Esplugues de Llobregat. Gracias al espacio de confort y seguridad que ofrece el centro, ofrecemos un servicio personalizado, donde podemos aplicar la mejor terapia y tratamiento para cada persona que acude en el centro.<\/p>\n<p>Gracias a nuestro equipo multidisciplinario calificado en formaci\u00f3n y experiencia profesional, nos permite ofrecer los tratamientos m\u00e1s efectivos para mejorar cualquier problema de salud mental. Con sensibilidad y calidez te acompa\u00f1amos, escuchando y ofreciendo los tratamientos m\u00e1s fiables demostrados emp\u00edricamente.<\/p>\n<p>Creemos que la colaboraci\u00f3n entre profesionales es primordial para ofrecer la mejor soluci\u00f3n por cada persona. En el \u00e1mbito educativo, colaboramos con docentes y otros psic\u00f3logos de centros escolares, para ofrecer una intervenci\u00f3n adaptada a las necesidades de cada ni\u00f1o y en coordinaci\u00f3n con los diferentes profesionales implicados en el caso.\u00a0 Adem\u00e1s, realizamos evaluaci\u00f3n cl\u00ednica, informes cl\u00ednicos y psicopedag\u00f3gicos para la posterior intervenci\u00f3n.[\/vc_column_text][\/vc_column][\/vc_row][vc_row css=\u00bb.vc_custom_1705262748132{margin-top: 50px !important;}\u00bb][vc_column][vc_column_text]<\/p>\n<h3 class=\"section-title\" style=\"text-align: center;\"><b>Otros profesionales del equipo Gabinete Psicol\u00f3gico Tena<\/b><\/h3>\n<p>[\/vc_column_text][\/vc_column][\/vc_row][vc_row css=\u00bb.vc_custom_1705255969635{margin-top: 50px !important;margin-bottom: 50px !important;}\u00bb][vc_column width=\u00bb1\/2&#8243;][vc_single_image image=\u00bb5812&#8243; img_size=\u00bbmedium\u00bb css=\u00bb.vc_custom_1705255854057{margin-bottom: 30px !important;}\u00bb][vc_column_text]<\/p>\n<h3><b>Cristina\u00a0\u00a0<\/b><\/h3>\n<p><strong>Psic\u00f3loga General Sanitaria<\/strong><\/p>\n<p><em><strong>N\u00fam. de colegiada 29622\u00a0<\/strong><\/em><\/p>\n<p>&nbsp;<\/p>\n<p>Soy Psic\u00f3loga Infanto Juvenil especializada, me dedico a ofrecer apoyo y orientaci\u00f3n integral a ni\u00f1os y adolescentes, promoviendo su bienestar emocional y desarrollo saludable. Cuento con una s\u00f3lida formaci\u00f3n acad\u00e9mica, incluyendo un M\u00e1ster en Intervenci\u00f3n en Psicolog\u00eda Infanto-Juvenil, un M\u00e1ster en Psicolog\u00eda General Sanitaria, y un posgrado en Psicolog\u00eda Cl\u00ednica Infantil y de Adultos. Adem\u00e1s, tengo una amplia experiencia en el tratamiento del Trastorno del Espectro Autista, me ha permitido adquirir conocimientos y habilidades para trabajar con ni\u00f1os y las familias afectadas.<\/p>\n<p>A lo largo de mi carrera, he brindado terapia individual y grupal para abordar varias problem\u00e1ticas emocionales y conductuales en ni\u00f1os y adolescentes, proporcionando un entorno seguro y de confianza. Mi enfoque terap\u00e9utico es integrativo, adapt\u00e1ndolo a las necesidades y caracter\u00edsticas \u00fanicas de cada paciente.[\/vc_column_text]<h3 class=\"sentence template-quote-2\">Me apasiona trabajar con ni\u00f1os y adolescentes, y mi objetivo es ayudarlos a desarrollar habilidades emocionales, sociales y cognitivas para enfrentar los desaf\u00edos de la vida.<\/h3>[vc_empty_space][\/vc_column][vc_column width=\u00bb1\/2&#8243;][vc_single_image image=\u00bb5808&#8243; img_size=\u00bbmedium\u00bb css=\u00bb.vc_custom_1705256061935{margin-bottom: 30px !important;}\u00bb][vc_column_text]<\/p>\n<h3><b>F\u00e1tima<\/b><\/h3>\n<p><strong>Psiquiatra <\/strong><\/p>\n<p>&nbsp;<\/p>\n<p>Soy la Dra. F\u00e1tima Yag\u00fce Oc\u00f3n, licenciada en Medicina y Cirug\u00eda por la Universidad Complutense de Madrid en 2004 y m\u00e9dico especialista en psiquiatr\u00eda. Con a\u00f1os de experiencia, he colaborado en varios centros de salud mental, especializ\u00e1ndome en psiquiatr\u00eda para adultos, ni\u00f1os y adolescentes. He desarrollado mi carrera a tratar trastornos del estado de \u00e1nimo y ansiedad, aunque tambi\u00e9n tengo experiencia en adicciones, trastornos psic\u00f3ticos y de personalidad. Adem\u00e1s, tengo una especializaci\u00f3n en psiquiatr\u00eda forense.[\/vc_column_text]<h3 class=\"sentence template-quote-2\">Mi objetivo es brindar una cura integral y personalizada, combinando mi pasi\u00f3n con mi amplio conocimiento en el campo.<\/h3>[\/vc_column][\/vc_row][vc_row css=\u00bb.vc_custom_1705255969635{margin-top: 50px !important;margin-bottom: 50px !important;}\u00bb][vc_column width=\u00bb1\/2&#8243;][\/vc_column][vc_column width=\u00bb1\/2&#8243;][\/vc_column][\/vc_row][vc_row css=\u00bb.vc_custom_1705255969635{margin-top: 50px !important;margin-bottom: 50px !important;}\u00bb][vc_column width=\u00bb1\/2&#8243;][vc_single_image image=\u00bb14619&#8243; img_size=\u00bbmedium\u00bb css=\u00bb.vc_custom_1762878840163{margin-bottom: 30px !important;}\u00bb][vc_column_text]<\/p>\n<h3><b>Leyre<\/b><\/h3>\n<p><strong>Psic\u00f3loga General Sanitaria<\/strong><\/p>\n<p><em><strong>N\u00fam. de colegiado 34328<\/strong><\/em><\/p>\n<p>&nbsp;<\/p>\n<p><span style=\"font-weight: 400;\">Soy Psic\u00f3loga General Sanitaria especializada en el trabajo con adolescentes y adultos. Acompa\u00f1o a las personas en sus procesos de cambio, ofreciendo un espacio seguro donde explorar las emociones, comprender los conflictos internos y promover el bienestar psicol\u00f3gico. Cuento con un M\u00e1ster en Psicolog\u00eda General Sanitaria y un M\u00e1ster en Psicoterapia Integradora, Trauma y Apego.<\/span><span style=\"font-weight: 400;\"><br \/>\n<\/span><span style=\"font-weight: 400;\">Mi experiencia cl\u00ednica se centra en la terapia individual y grupal, y trabajo desde una perspectiva integradora, combinando herramientas de la terapia cognitivo-conductual, sist\u00e9mica, humanista y de tercera generaci\u00f3n, adapt\u00e1ndome siempre a las necesidades de cada persona.<\/span><\/p>\n<p><span style=\"font-weight: 400;\">A lo largo de mi trayectoria he trabajado con adolescentes y adultos en diferentes contextos cl\u00ednicos, abordando problem\u00e1ticas como el trauma, los trastornos de personalidad, los trastornos del estado de \u00e1nimo, la ansiedad, las adicciones, los procesos de duelo y el trastorno mental grave.<\/span>[\/vc_column_text]<h3 class=\"sentence template-quote-2\">Me apasiona acompa\u00f1ar a las personas en sus procesos de cambio y crecimiento personal, ayud\u00e1ndolas a reconectar con sus recursos internos y a construir una vida m\u00e1s equilibrada y consciente.<\/h3>[\/vc_column][vc_column width=\u00bb1\/2&#8243;][vc_single_image image=\u00bb14629&#8243; img_size=\u00bbmedium\u00bb css=\u00bb.vc_custom_1763113629925{margin-bottom: 30px !important;}\u00bb][vc_column_text]<\/p>\n<h3><b>Maria<\/b><\/h3>\n<p><strong>Psic\u00f3loga General Sanitaria<\/strong><\/p>\n<p><em><strong>N\u00fam. de colegiado 31927<\/strong><\/em><\/p>\n<p>&nbsp;<\/p>\n<p><span style=\"font-weight: 400;\">Soy psic\u00f3loga sanitaria especializada en terapia individual en poblaci\u00f3n adulta y juvenil. Mi orientaci\u00f3n es cognitivo-conductual, integrando herramientas de terapias de tercera generaci\u00f3n, tales como mindfulness, aceptaci\u00f3n y compromiso y activaci\u00f3n conductual, adaptando la intervenci\u00f3n a cada persona y a sus necesidades. Favorezco un espacio seguro donde la persona se sienta apoyada, para fomentar el bienestar y autoconocimiento desde una mirada cercana, pr\u00e1ctica y basada en la evidencia.\u00a0<\/span><\/p>\n<p><span style=\"font-weight: 400;\">Cuento con experiencia en el abordaje de problemas afectivos tales como ansiedad y depresi\u00f3n, gesti\u00f3n emocional, autoestima, relaciones y procesos vitales, entre otros. <\/span>[\/vc_column_text]<h3 class=\"sentence template-quote-2\">Me apasiona acompa\u00f1ar a las personas en su proceso, ofreci\u00e9ndoles un lugar seguro donde sentirse escuchadas y comprendidas.<\/h3>[\/vc_column][\/vc_row][vc_row css=\u00bb.vc_custom_1705255969635{margin-top: 50px !important;margin-bottom: 50px !important;}\u00bb][vc_column width=\u00bb1\/2&#8243;][vc_single_image image=\u00bb9724&#8243; img_size=\u00bbmedium\u00bb css=\u00bb.vc_custom_1744370967031{margin-bottom: 30px !important;}\u00bb][vc_column_text]<\/p>\n<h3><b>Carlota<\/b><\/h3>\n<p><strong>Psic\u00f3loga cl\u00ednica en adultos<\/strong><\/p>\n<p><strong><em>N\u00fam. de colegiada 33326<\/em><\/strong><\/p>\n<p>&nbsp;<\/p>\n<p>Creo firmemente en la importancia de escuchar y acompa\u00f1ar a cada persona en su camino hacia el bienestar. Estoy especializada en psicoterapia con adultos y adolescentes, abordando temas como la depresi\u00f3n, la ansiedad, los trastornos de la conducta alimentaria (TCA), el trauma y los procesos de duelo. En terapia, mi objetivo es conocer a la persona en su verdadera esencia, entendiendo que cada historia es \u00fanica y requiere un enfoque individualizado. Me siento muy agradecida por la oportunidad de acompa\u00f1ar a mis pacientes en estos procesos tan significativos, ayud\u00e1ndoles a encontrar su fuerza interior y a superar los desaf\u00edos que enfrentan.<\/p>\n<p>Tras realizar el M\u00e1ster en Psicolog\u00eda General Sanitaria, ejerzo como psic\u00f3loga cl\u00ednica, centrando mi labor en el tratamiento de trastornos psicol\u00f3gicos en adultos. Adem\u00e1s, me he especializado en \u00e1reas espec\u00edficas como el trauma y el apego, herramientas esenciales para abordar experiencias dif\u00edciles del pasado que afectan al bienestar emocional en el presente.[\/vc_column_text][\/vc_column][vc_column width=\u00bb1\/2&#8243;][\/vc_column][\/vc_row]<\/p>\n","protected":false},"excerpt":{"rendered":"<p>[vc_row css=\u00bb.vc_custom_1692640991129{margin-top: 50px !important;margin-bottom: 50px !important;}\u00bb][vc_column width=\u00bb1\/3&#8243;][vc_single_image image=\u00bb6551&#8243; img_size=\u00bbfull\u00bb][vc_column_text]Tel\u00e9fono de contacto: 93 797 82 73 &#8211; 618 29 45 81 Email: ayuda@gabinetpsicologictena.com LinkedIn: \/marta-tena-miranda[\/vc_column_text][\/vc_column][vc_column width=\u00bb2\/3&#8243;][vc_column_text css=\u00bb.vc_custom_1750406753732{margin-bottom: 20px !important;}\u00bb] MARTA TENA Psic\u00f3loga sanitaria y psicopedagoga, en el \u00e1rea de infantil, juvenil y adultos Centro Sanitario E08610817 N\u00fam. de colegiada 16442 Directora y fundadora del Gabinete Psicol\u00f3gico<\/p>\n","protected":false},"author":5,"featured_media":0,"parent":0,"menu_order":0,"comment_status":"closed","ping_status":"closed","template":"","meta":{"footnotes":""},"class_list":["post-11569","page","type-page","status-publish","hentry"],"yoast_head":"<!-- This site is optimized with the Yoast SEO plugin v27.4 - https:\/\/yoast.com\/product\/yoast-seo-wordpress\/ -->\n<title>Equipo Gabinet Psicol\u00f2gic Tena | Psicolog\u00eda Cl\u00ednica en Esplugues<\/title>\n<meta name=\"description\" content=\"Conoce el equipo de psic\u00f3logos y psiquiatras de Gabinet Psicol\u00f2gico Tena Esplugues. Especialistas: Psicolog\u00eda cl\u00ednica y bienestar emocional.\" \/>\n<meta name=\"robots\" content=\"index, follow, max-snippet:-1, max-image-preview:large, max-video-preview:-1\" \/>\n<link rel=\"canonical\" href=\"https:\/\/www.gabinetpsicologictena.com\/es\/equipo\/\" \/>\n<meta property=\"og:locale\" content=\"es_ES\" \/>\n<meta property=\"og:type\" content=\"article\" \/>\n<meta property=\"og:title\" content=\"Equipo Gabinet Psicol\u00f2gic Tena | Psicolog\u00eda Cl\u00ednica en Esplugues\" \/>\n<meta property=\"og:description\" content=\"Conoce el equipo de psic\u00f3logos y psiquiatras de Gabinet Psicol\u00f2gico Tena Esplugues. Especialistas: Psicolog\u00eda cl\u00ednica y bienestar emocional.\" \/>\n<meta property=\"og:url\" content=\"https:\/\/www.gabinetpsicologictena.com\/es\/equipo\/\" \/>\n<meta property=\"og:site_name\" content=\"Gabinet Psicol\u00f2gic Tena\" \/>\n<meta property=\"article:modified_time\" content=\"2025-11-21T12:04:55+00:00\" \/>\n<meta name=\"twitter:card\" content=\"summary_large_image\" \/>\n<meta name=\"twitter:label1\" content=\"Tiempo de lectura\" \/>\n\t<meta name=\"twitter:data1\" content=\"9 minutos\" \/>\n<script type=\"application\/ld+json\" class=\"yoast-schema-graph\">{\"@context\":\"https:\\\/\\\/schema.org\",\"@graph\":[{\"@type\":\"WebPage\",\"@id\":\"https:\\\/\\\/www.gabinetpsicologictena.com\\\/es\\\/equipo\\\/\",\"url\":\"https:\\\/\\\/www.gabinetpsicologictena.com\\\/es\\\/equipo\\\/\",\"name\":\"Equipo Gabinet Psicol\u00f2gic Tena | Psicolog\u00eda Cl\u00ednica en Esplugues\",\"isPartOf\":{\"@id\":\"https:\\\/\\\/www.gabinetpsicologictena.com\\\/#website\"},\"datePublished\":\"2025-06-20T07:48:38+00:00\",\"dateModified\":\"2025-11-21T12:04:55+00:00\",\"description\":\"Conoce el equipo de psic\u00f3logos y psiquiatras de Gabinet Psicol\u00f2gico Tena Esplugues. Especialistas: Psicolog\u00eda cl\u00ednica y bienestar emocional.\",\"inLanguage\":\"es\",\"potentialAction\":[{\"@type\":\"ReadAction\",\"target\":[\"https:\\\/\\\/www.gabinetpsicologictena.com\\\/es\\\/equipo\\\/\"]}]},{\"@type\":\"WebSite\",\"@id\":\"https:\\\/\\\/www.gabinetpsicologictena.com\\\/#website\",\"url\":\"https:\\\/\\\/www.gabinetpsicologictena.com\\\/\",\"name\":\"Gabinet Psicol\u00f2gic Tena\",\"description\":\"Centre Psicol\u00f2gic a Esplugues de Llobregat\",\"publisher\":{\"@id\":\"https:\\\/\\\/www.gabinetpsicologictena.com\\\/#organization\"},\"potentialAction\":[{\"@type\":\"SearchAction\",\"target\":{\"@type\":\"EntryPoint\",\"urlTemplate\":\"https:\\\/\\\/www.gabinetpsicologictena.com\\\/?s={search_term_string}\"},\"query-input\":{\"@type\":\"PropertyValueSpecification\",\"valueRequired\":true,\"valueName\":\"search_term_string\"}}],\"inLanguage\":\"es\"},{\"@type\":\"Organization\",\"@id\":\"https:\\\/\\\/www.gabinetpsicologictena.com\\\/#organization\",\"name\":\"Gabinet Psicol\u00f2gic Tena\",\"url\":\"https:\\\/\\\/www.gabinetpsicologictena.com\\\/\",\"logo\":{\"@type\":\"ImageObject\",\"inLanguage\":\"es\",\"@id\":\"https:\\\/\\\/www.gabinetpsicologictena.com\\\/#\\\/schema\\\/logo\\\/image\\\/\",\"url\":\"https:\\\/\\\/www.gabinetpsicologictena.com\\\/wp-content\\\/uploads\\\/2021\\\/04\\\/logo-gabinet-psicologic-tena-no-ok-rectangular2.png\",\"contentUrl\":\"https:\\\/\\\/www.gabinetpsicologictena.com\\\/wp-content\\\/uploads\\\/2021\\\/04\\\/logo-gabinet-psicologic-tena-no-ok-rectangular2.png\",\"width\":500,\"height\":197,\"caption\":\"Gabinet Psicol\u00f2gic Tena\"},\"image\":{\"@id\":\"https:\\\/\\\/www.gabinetpsicologictena.com\\\/#\\\/schema\\\/logo\\\/image\\\/\"}}]}<\/script>\n<!-- \/ Yoast SEO plugin. -->","yoast_head_json":{"title":"Equipo Gabinet Psicol\u00f2gic Tena | Psicolog\u00eda Cl\u00ednica en Esplugues","description":"Conoce el equipo de psic\u00f3logos y psiquiatras de Gabinet Psicol\u00f2gico Tena Esplugues. Especialistas: Psicolog\u00eda cl\u00ednica y bienestar emocional.","robots":{"index":"index","follow":"follow","max-snippet":"max-snippet:-1","max-image-preview":"max-image-preview:large","max-video-preview":"max-video-preview:-1"},"canonical":"https:\/\/www.gabinetpsicologictena.com\/es\/equipo\/","og_locale":"es_ES","og_type":"article","og_title":"Equipo Gabinet Psicol\u00f2gic Tena | Psicolog\u00eda Cl\u00ednica en Esplugues","og_description":"Conoce el equipo de psic\u00f3logos y psiquiatras de Gabinet Psicol\u00f2gico Tena Esplugues. Especialistas: Psicolog\u00eda cl\u00ednica y bienestar emocional.","og_url":"https:\/\/www.gabinetpsicologictena.com\/es\/equipo\/","og_site_name":"Gabinet Psicol\u00f2gic Tena","article_modified_time":"2025-11-21T12:04:55+00:00","twitter_card":"summary_large_image","twitter_misc":{"Tiempo de lectura":"9 minutos"},"schema":{"@context":"https:\/\/schema.org","@graph":[{"@type":"WebPage","@id":"https:\/\/www.gabinetpsicologictena.com\/es\/equipo\/","url":"https:\/\/www.gabinetpsicologictena.com\/es\/equipo\/","name":"Equipo Gabinet Psicol\u00f2gic Tena | Psicolog\u00eda Cl\u00ednica en Esplugues","isPartOf":{"@id":"https:\/\/www.gabinetpsicologictena.com\/#website"},"datePublished":"2025-06-20T07:48:38+00:00","dateModified":"2025-11-21T12:04:55+00:00","description":"Conoce el equipo de psic\u00f3logos y psiquiatras de Gabinet Psicol\u00f2gico Tena Esplugues. Especialistas: Psicolog\u00eda cl\u00ednica y bienestar emocional.","inLanguage":"es","potentialAction":[{"@type":"ReadAction","target":["https:\/\/www.gabinetpsicologictena.com\/es\/equipo\/"]}]},{"@type":"WebSite","@id":"https:\/\/www.gabinetpsicologictena.com\/#website","url":"https:\/\/www.gabinetpsicologictena.com\/","name":"Gabinet Psicol\u00f2gic Tena","description":"Centre Psicol\u00f2gic a Esplugues de Llobregat","publisher":{"@id":"https:\/\/www.gabinetpsicologictena.com\/#organization"},"potentialAction":[{"@type":"SearchAction","target":{"@type":"EntryPoint","urlTemplate":"https:\/\/www.gabinetpsicologictena.com\/?s={search_term_string}"},"query-input":{"@type":"PropertyValueSpecification","valueRequired":true,"valueName":"search_term_string"}}],"inLanguage":"es"},{"@type":"Organization","@id":"https:\/\/www.gabinetpsicologictena.com\/#organization","name":"Gabinet Psicol\u00f2gic Tena","url":"https:\/\/www.gabinetpsicologictena.com\/","logo":{"@type":"ImageObject","inLanguage":"es","@id":"https:\/\/www.gabinetpsicologictena.com\/#\/schema\/logo\/image\/","url":"https:\/\/www.gabinetpsicologictena.com\/wp-content\/uploads\/2021\/04\/logo-gabinet-psicologic-tena-no-ok-rectangular2.png","contentUrl":"https:\/\/www.gabinetpsicologictena.com\/wp-content\/uploads\/2021\/04\/logo-gabinet-psicologic-tena-no-ok-rectangular2.png","width":500,"height":197,"caption":"Gabinet Psicol\u00f2gic Tena"},"image":{"@id":"https:\/\/www.gabinetpsicologictena.com\/#\/schema\/logo\/image\/"}}]}},"_links":{"self":[{"href":"https:\/\/www.gabinetpsicologictena.com\/es\/wp-json\/wp\/v2\/pages\/11569","targetHints":{"allow":["GET"]}}],"collection":[{"href":"https:\/\/www.gabinetpsicologictena.com\/es\/wp-json\/wp\/v2\/pages"}],"about":[{"href":"https:\/\/www.gabinetpsicologictena.com\/es\/wp-json\/wp\/v2\/types\/page"}],"author":[{"embeddable":true,"href":"https:\/\/www.gabinetpsicologictena.com\/es\/wp-json\/wp\/v2\/users\/5"}],"replies":[{"embeddable":true,"href":"https:\/\/www.gabinetpsicologictena.com\/es\/wp-json\/wp\/v2\/comments?post=11569"}],"version-history":[{"count":18,"href":"https:\/\/www.gabinetpsicologictena.com\/es\/wp-json\/wp\/v2\/pages\/11569\/revisions"}],"predecessor-version":[{"id":14672,"href":"https:\/\/www.gabinetpsicologictena.com\/es\/wp-json\/wp\/v2\/pages\/11569\/revisions\/14672"}],"wp:attachment":[{"href":"https:\/\/www.gabinetpsicologictena.com\/es\/wp-json\/wp\/v2\/media?parent=11569"}],"curies":[{"name":"wp","href":"https:\/\/api.w.org\/{rel}","templated":true}]}}